{"id":67,"date":"2022-11-22T15:09:47","date_gmt":"2022-11-22T14:09:47","guid":{"rendered":"https:\/\/www.mariedepoulain.fr\/?page_id=67"},"modified":"2023-01-19T11:13:19","modified_gmt":"2023-01-19T10:13:19","slug":"presse","status":"publish","type":"page","link":"https:\/\/www.mariedepoulain.fr\/index.php\/presse\/","title":{"rendered":"Presse"},"content":{"rendered":"<p>[et_pb_section fb_built=\u00a0\u00bb1&Prime; _builder_version=\u00a0\u00bb4.19.4&Prime; _module_preset=\u00a0\u00bbdefault\u00a0\u00bb background_color=\u00a0\u00bb#FFFAF5&Prime; global_colors_info=\u00a0\u00bb{}\u00a0\u00bb custom_padding=\u00a0\u00bb||150px|||\u00a0\u00bb][et_pb_row _builder_version=\u00a0\u00bb4.19.4&Prime; _module_preset=\u00a0\u00bbdefault\u00a0\u00bb global_colors_info=\u00a0\u00bb{}\u00a0\u00bb][et_pb_column type=\u00a0\u00bb4_4&Prime; _builder_version=\u00a0\u00bb4.19.4&Prime; _module_preset=\u00a0\u00bbdefault\u00a0\u00bb global_colors_info=\u00a0\u00bb{}\u00a0\u00bb][et_pb_text _builder_version=\u00a0\u00bb4.19.4&Prime; _module_preset=\u00a0\u00bbdefault\u00a0\u00bb hover_enabled=\u00a0\u00bb0&Prime; global_colors_info=\u00a0\u00bb{}\u00a0\u00bb header_font_size=\u00a0\u00bb60px\u00a0\u00bb sticky_enabled=\u00a0\u00bb0&Prime;]<\/p>\n<h1 style=\"text-align: center;\">PRESSE<\/h1>\n<p>[\/et_pb_text][\/et_pb_column][\/et_pb_row][et_pb_row column_structure=\u00a0\u00bb1_3,1_3,1_3&Prime; _builder_version=\u00a0\u00bb4.19.4&Prime; _module_preset=\u00a0\u00bbdefault\u00a0\u00bb custom_margin=\u00a0\u00bb100px|auto||auto||\u00a0\u00bb global_colors_info=\u00a0\u00bb{}\u00a0\u00bb][et_pb_column type=\u00a0\u00bb1_3&Prime; _builder_version=\u00a0\u00bb4.19.4&Prime; _module_preset=\u00a0\u00bbdefault\u00a0\u00bb global_colors_info=\u00a0\u00bb{}\u00a0\u00bb][et_pb_blurb title=\u00a0\u00bbMADAME LE FIGARO\u00a0\u00bb image=\u00a0\u00bbhttps:\/\/www.mariedepoulain.fr\/wp-content\/uploads\/2023\/01\/logo-figaro.png\u00a0\u00bb image_icon_width=\u00a0\u00bb50%\u00a0\u00bb _builder_version=\u00a0\u00bb4.19.4&Prime; _module_preset=\u00a0\u00bbdefault\u00a0\u00bb hover_enabled=\u00a0\u00bb0&Prime; global_colors_info=\u00a0\u00bb{}\u00a0\u00bb sticky_enabled=\u00a0\u00bb0&Prime;]<\/p>\n<p class=\"h1 page-title\">\u00ab\u00a0Face fitness\u00a0\u00bb, la gym du visage pour garder une peau ferme. Votre visage compte 43 muscles, <span>d&rsquo;aucuns disent plus de 50, voire 94. Toujours est-il qu&rsquo;ils sont capables de reproduire 10.000 expressions. Et 17 ne s&rsquo;occupent que du sourire\u00a0!<\/span><\/p>\n<p>[\/et_pb_blurb][et_pb_text _builder_version=\u00a0\u00bb4.19.4&Prime; _module_preset=\u00a0\u00bbdefault\u00a0\u00bb link_font=\u00a0\u00bb||||on|||#474747|\u00a0\u00bb link_text_color=\u00a0\u00bb#474747&Prime; global_colors_info=\u00a0\u00bb{}\u00a0\u00bb text_font=\u00a0\u00bb||on||||||\u00a0\u00bb header_4_font_size=\u00a0\u00bb22px\u00a0\u00bb header_4_text_color=\u00a0\u00bb#474747&Prime; hover_enabled=\u00a0\u00bb0&Prime; sticky_enabled=\u00a0\u00bb0&Prime;]<\/p>\n<h4 style=\"text-align: left;\"><a href=\"https:\/\/madame.lefigaro.fr\/beaute\/face-fitness-la-gym-du-visage-pour-garder-une-peau-ferme-171120-183444\" target=\"_blank\" rel=\"noopener\"><strong>Lire la suite &gt;<\/strong><\/a><\/h4>\n<p>[\/et_pb_text][\/et_pb_column][et_pb_column type=\u00a0\u00bb1_3&Prime; _builder_version=\u00a0\u00bb4.19.4&Prime; _module_preset=\u00a0\u00bbdefault\u00a0\u00bb global_colors_info=\u00a0\u00bb{}\u00a0\u00bb][et_pb_blurb title=\u00a0\u00bbELLE\u00a0\u00bb image=\u00a0\u00bbhttps:\/\/www.mariedepoulain.fr\/wp-content\/uploads\/2023\/01\/logo-elle.png\u00a0\u00bb image_icon_width=\u00a0\u00bb50%\u00a0\u00bb _builder_version=\u00a0\u00bb4.19.4&Prime; _module_preset=\u00a0\u00bbdefault\u00a0\u00bb global_colors_info=\u00a0\u00bb{}\u00a0\u00bb]<\/p>\n<p class=\"article__title \">La r\u00e9volution de l\u2019art du \u00ab bien vieillir \u00bb.\u00a0<span>Fa-cia-lis-te : le n\u00e9ologisme n\u2019est pas joli, mais il s\u2019est impos\u00e9 dans notre vocabulaire depuis quelques saisons, gr\u00e2ce \u00e0 des th\u00e9rapeutes stars qui se sont empar\u00e9es du mot. Alors, de quoi s\u2019agit-il ? &#8230;<\/span><\/p>\n<p>[\/et_pb_blurb][et_pb_text _builder_version=\u00a0\u00bb4.19.4&Prime; _module_preset=\u00a0\u00bbdefault\u00a0\u00bb link_font=\u00a0\u00bb||||on|||#474747|\u00a0\u00bb link_text_color=\u00a0\u00bb#474747&Prime; global_colors_info=\u00a0\u00bb{}\u00a0\u00bb text_font=\u00a0\u00bb||on||||||\u00a0\u00bb header_4_font_size=\u00a0\u00bb22px\u00a0\u00bb header_4_text_color=\u00a0\u00bb#474747&Prime; hover_enabled=\u00a0\u00bb0&Prime; sticky_enabled=\u00a0\u00bb0&Prime;]<\/p>\n<h4><a href=\"https:\/\/www.elle.fr\/Beaute\/Soins\/Tendances\/Profession-facialiste-la-revolution-de-l-art-du-bien-vieillir-3893080\" target=\"_blank\" rel=\"noopener\"><strong>Lire la suite &gt;<\/strong><\/a><\/h4>\n<p>[\/et_pb_text][\/et_pb_column][et_pb_column type=\u00a0\u00bb1_3&Prime; _builder_version=\u00a0\u00bb4.19.4&Prime; _module_preset=\u00a0\u00bbdefault\u00a0\u00bb global_colors_info=\u00a0\u00bb{}\u00a0\u00bb][et_pb_blurb title=\u00a0\u00bbVOGUE\u00a0\u00bb image=\u00a0\u00bbhttps:\/\/www.mariedepoulain.fr\/wp-content\/uploads\/2023\/01\/logo-vogue.png\u00a0\u00bb image_icon_width=\u00a0\u00bb50%\u00a0\u00bb _builder_version=\u00a0\u00bb4.19.4&Prime; _module_preset=\u00a0\u00bbdefault\u00a0\u00bb global_colors_info=\u00a0\u00bb{}\u00a0\u00bb hover_enabled=\u00a0\u00bb0&Prime; sticky_enabled=\u00a0\u00bb0&Prime;]<\/p>\n<p data-testid=\"ContentHeaderHed\" class=\"BaseWrap-sc-UrHlS BaseText-fFrHpW SplitScreenContentHeaderHed-fyeLMD boMZdO gNCQTc juxiMD\">11 id\u00e9es de cadeaux de No\u00ebl \u00e0 offrir aux fans du Japon. <br \/>Un soin kobido chez Marie Depoulain. S&rsquo;appuyant sur des techniques ancestrales nippones,\u00a0cette facialiste\u00a0form\u00e9e aux c\u00f4t\u00e9s du docteur\u00a0Shogo Mochizuki&#8230;<\/p>\n<p>[\/et_pb_blurb][et_pb_text _builder_version=\u00a0\u00bb4.19.4&Prime; _module_preset=\u00a0\u00bbdefault\u00a0\u00bb link_font=\u00a0\u00bb||||on|||#474747|\u00a0\u00bb link_text_color=\u00a0\u00bb#474747&Prime; global_colors_info=\u00a0\u00bb{}\u00a0\u00bb text_font=\u00a0\u00bb||on||||||\u00a0\u00bb header_4_font_size=\u00a0\u00bb22px\u00a0\u00bb header_4_text_color=\u00a0\u00bb#474747&Prime; hover_enabled=\u00a0\u00bb0&Prime; sticky_enabled=\u00a0\u00bb0&Prime;]<\/p>\n<h4><a href=\"https:\/\/www.vogue.fr\/lifestyle\/voyages\/story\/les-meilleurs-cadeaux-de-noel-a-offrir-aux-fans-du-japon\/4787\" target=\"_blank\" rel=\"noopener\"><strong>Lire la suite &gt;<\/strong><\/a><\/h4>\n<p>[\/et_pb_text][\/et_pb_column][\/et_pb_row][et_pb_row column_structure=\u00a0\u00bb1_3,1_3,1_3&Prime; _builder_version=\u00a0\u00bb4.19.4&Prime; _module_preset=\u00a0\u00bbdefault\u00a0\u00bb custom_margin=\u00a0\u00bb50px|auto||auto||\u00a0\u00bb global_colors_info=\u00a0\u00bb{}\u00a0\u00bb][et_pb_column type=\u00a0\u00bb1_3&Prime; _builder_version=\u00a0\u00bb4.19.4&Prime; _module_preset=\u00a0\u00bbdefault\u00a0\u00bb global_colors_info=\u00a0\u00bb{}\u00a0\u00bb][et_pb_blurb title=\u00a0\u00bbCosmetics 27&Prime; image=\u00a0\u00bbhttps:\/\/www.mariedepoulain.fr\/wp-content\/uploads\/2023\/01\/logo-cosmetic.png\u00a0\u00bb image_icon_width=\u00a0\u00bb50%\u00a0\u00bb _builder_version=\u00a0\u00bb4.19.4&Prime; _module_preset=\u00a0\u00bbdefault\u00a0\u00bb hover_enabled=\u00a0\u00bb0&Prime; global_colors_info=\u00a0\u00bb{}\u00a0\u00bb header_font=\u00a0\u00bb|||on|||||\u00a0\u00bb sticky_enabled=\u00a0\u00bb0&Prime;]<\/p>\n<p class=\"h1 page-title\"><span>Rencontre avec la facialiste &amp; experte gua sha Marie Depoulain.<br \/>Marie est form\u00e9e au soin Kobido japonais et pratique exclusivement des soins du visage. Elle a d\u00e9velopp\u00e9 ses propres techniques avec une approche holistique et personnalis\u00e9e du soin&#8230;<\/span><\/p>\n<p>[\/et_pb_blurb][et_pb_text _builder_version=\u00a0\u00bb4.19.4&Prime; _module_preset=\u00a0\u00bbdefault\u00a0\u00bb link_font=\u00a0\u00bb||||on|||#474747|\u00a0\u00bb link_text_color=\u00a0\u00bb#474747&Prime; hover_enabled=\u00a0\u00bb0&Prime; global_colors_info=\u00a0\u00bb{}\u00a0\u00bb text_font=\u00a0\u00bb||on||||||\u00a0\u00bb header_4_font_size=\u00a0\u00bb22px\u00a0\u00bb header_4_text_color=\u00a0\u00bb#474747&Prime; sticky_enabled=\u00a0\u00bb0&Prime;]<\/p>\n<h4><a href=\"https:\/\/www.cosmetics27.com\/fr\/blog\/interview\/rencontre-avec-la-facialiste-experte-gua-sha-marie-depoulain\" target=\"_blank\" rel=\"noopener\"><strong>Lire la suite &gt;<\/strong><\/a><\/h4>\n<p>[\/et_pb_text][\/et_pb_column][et_pb_column type=\u00a0\u00bb1_3&Prime; _builder_version=\u00a0\u00bb4.19.4&Prime; _module_preset=\u00a0\u00bbdefault\u00a0\u00bb global_colors_info=\u00a0\u00bb{}\u00a0\u00bb][et_pb_blurb title=\u00a0\u00bbMADAME LE FIGARO\u00a0\u00bb image=\u00a0\u00bbhttps:\/\/www.mariedepoulain.fr\/wp-content\/uploads\/2023\/01\/logo-figaro.png\u00a0\u00bb image_icon_width=\u00a0\u00bb50%\u00a0\u00bb _builder_version=\u00a0\u00bb4.19.4&Prime; _module_preset=\u00a0\u00bbdefault\u00a0\u00bb hover_enabled=\u00a0\u00bb0&Prime; global_colors_info=\u00a0\u00bb{}\u00a0\u00bb sticky_enabled=\u00a0\u00bb0&Prime;]<\/p>\n<p class=\"h1 page-title\">Visage : notre strat\u00e9gie en trois \u00e9tapes pour un bel ovale. <span>Avant de s&rsquo;offrir des s\u00e9ances entre les mains d&rsquo;une pro, adopter une bonne posture\u00a0<\/span><span>s&rsquo;impose. \u00ab\u00a0Se tenir droite, les \u00e9paules baiss\u00e9es l\u00e9g\u00e8rement vers l&rsquo;arri\u00e8re, \u00e9vite la mauvaise contraction des muscles\u00a0\u00bb&#8230;<\/span><\/p>\n<p>[\/et_pb_blurb][et_pb_text _builder_version=\u00a0\u00bb4.19.4&Prime; _module_preset=\u00a0\u00bbdefault\u00a0\u00bb link_font=\u00a0\u00bb||||on|||#474747|\u00a0\u00bb link_text_color=\u00a0\u00bb#474747&Prime; global_colors_info=\u00a0\u00bb{}\u00a0\u00bb sticky_enabled=\u00a0\u00bb0&Prime; text_font=\u00a0\u00bb||on||||||\u00a0\u00bb header_4_font_size=\u00a0\u00bb22px\u00a0\u00bb header_4_text_color=\u00a0\u00bb#474747&Prime; hover_enabled=\u00a0\u00bb0&Prime;]<\/p>\n<h4 style=\"text-align: left;\"><a href=\"https:\/\/madame.lefigaro.fr\/beaute\/visage-notre-strategie-en-trois-etapes-pour-un-bel-ovale-massage-laser-chirurgie-070620-181161\" target=\"_blank\" rel=\"noopener\"><strong>Lire la suite &gt;<\/strong><\/a><\/h4>\n<p>[\/et_pb_text][\/et_pb_column][et_pb_column type=\u00a0\u00bb1_3&Prime; _builder_version=\u00a0\u00bb4.19.4&Prime; _module_preset=\u00a0\u00bbdefault\u00a0\u00bb global_colors_info=\u00a0\u00bb{}\u00a0\u00bb][et_pb_blurb title=\u00a0\u00bbMARIE CLAIRE\u00a0\u00bb image=\u00a0\u00bbhttps:\/\/www.mariedepoulain.fr\/wp-content\/uploads\/2023\/01\/logo-marieclaire.png\u00a0\u00bb image_icon_width=\u00a0\u00bb50%\u00a0\u00bb _builder_version=\u00a0\u00bb4.19.4&Prime; _module_preset=\u00a0\u00bbdefault\u00a0\u00bb hover_enabled=\u00a0\u00bb0&Prime; global_colors_info=\u00a0\u00bb{}\u00a0\u00bb sticky_enabled=\u00a0\u00bb0&Prime;]<\/p>\n<p class=\"Title Title--article ArticleHeader-title\"><span class=\"Title-content\">Face sculpting, massage intra-buccal&#8230; Quelle technique pour muscler sa peau ? <span><\/span><\/span><span class=\"Title-content\"><span>Quarante-trois. C&rsquo;est le nombre des muscles du visage, cach\u00e9s juste sous la peau, d&rsquo;o\u00f9 le nom de muscles peauciers. Ce sont eux qui nous permettent de sourire&#8230;<\/span><\/span><\/p>\n<p>[\/et_pb_blurb][et_pb_text _builder_version=\u00a0\u00bb4.19.4&Prime; _module_preset=\u00a0\u00bbdefault\u00a0\u00bb link_font=\u00a0\u00bb||||on|||#474747|\u00a0\u00bb link_text_color=\u00a0\u00bb#474747&Prime; global_colors_info=\u00a0\u00bb{}\u00a0\u00bb text_font=\u00a0\u00bb||on||||||\u00a0\u00bb header_4_font_size=\u00a0\u00bb22px\u00a0\u00bb header_4_text_color=\u00a0\u00bb#474747&Prime; hover_enabled=\u00a0\u00bb0&Prime; sticky_enabled=\u00a0\u00bb0&Prime;]<\/p>\n<h4><a href=\"https:\/\/www.marieclaire.fr\/,la-gymnastique-faciale-pour-maigrir-du-visage,812564.asp\" target=\"_blank\" rel=\"noopener\"><strong>Lire la suite &gt;<\/strong><\/a><\/h4>\n<p>[\/et_pb_text][\/et_pb_column][\/et_pb_row][et_pb_row column_structure=\u00a0\u00bb1_3,1_3,1_3&Prime; _builder_version=\u00a0\u00bb4.19.4&Prime; _module_preset=\u00a0\u00bbdefault\u00a0\u00bb custom_margin=\u00a0\u00bb50px|auto||auto||\u00a0\u00bb global_colors_info=\u00a0\u00bb{}\u00a0\u00bb][et_pb_column type=\u00a0\u00bb1_3&Prime; _builder_version=\u00a0\u00bb4.19.4&Prime; _module_preset=\u00a0\u00bbdefault\u00a0\u00bb global_colors_info=\u00a0\u00bb{}\u00a0\u00bb][et_pb_blurb title=\u00a0\u00bbBEAUTYLICIEUSE\u00a0\u00bb image=\u00a0\u00bbhttps:\/\/www.mariedepoulain.fr\/wp-content\/uploads\/2023\/01\/logo-beautylicieuse-noir.png\u00a0\u00bb image_icon_width=\u00a0\u00bb50%\u00a0\u00bb _builder_version=\u00a0\u00bb4.19.4&Prime; _module_preset=\u00a0\u00bbdefault\u00a0\u00bb hover_enabled=\u00a0\u00bb0&Prime; global_colors_info=\u00a0\u00bb{}\u00a0\u00bb sticky_enabled=\u00a0\u00bb0&Prime;]<\/p>\n<p class=\"elementor-heading-title elementor-size-default\">Les facialistes, ces expertes du glow ! <span>Voici un petit moment que je m\u2019int\u00e9resse au ph\u00e9nom\u00e8ne des facialistes, ces magiciennes de la peau. \u00c0 vrai dire, c\u2019est un terme que j\u2019entendais d\u00e9j\u00e0 chez les anglophones mais cela fait environ deux\/trois ans qu\u2019il fait fureur en France&#8230;<\/span><\/p>\n<p>[\/et_pb_blurb][et_pb_text _builder_version=\u00a0\u00bb4.19.4&Prime; _module_preset=\u00a0\u00bbdefault\u00a0\u00bb link_font=\u00a0\u00bb||||on|||#474747|\u00a0\u00bb link_text_color=\u00a0\u00bb#474747&Prime; global_colors_info=\u00a0\u00bb{}\u00a0\u00bb text_font=\u00a0\u00bb||on||||||\u00a0\u00bb header_4_font_size=\u00a0\u00bb22px\u00a0\u00bb header_4_text_color=\u00a0\u00bb#474747&Prime; hover_enabled=\u00a0\u00bb0&Prime; sticky_enabled=\u00a0\u00bb0&Prime;]<\/p>\n<h4><a href=\"https:\/\/www.beautylicieuse.com\/facialiste-avis\/\" target=\"_blank\" rel=\"noopener\"><strong>Lire la suite &gt;<\/strong><\/a><\/h4>\n<p>[\/et_pb_text][\/et_pb_column][et_pb_column type=\u00a0\u00bb1_3&Prime; _builder_version=\u00a0\u00bb4.19.4&Prime; _module_preset=\u00a0\u00bbdefault\u00a0\u00bb global_colors_info=\u00a0\u00bb{}\u00a0\u00bb][et_pb_blurb title=\u00a0\u00bbL&rsquo;EXPRESS &#8211; STYLE DE VIE\u00a0\u00bb image=\u00a0\u00bbhttps:\/\/www.mariedepoulain.fr\/wp-content\/uploads\/2023\/01\/logo-lexpress.png\u00a0\u00bb image_icon_width=\u00a0\u00bb50%\u00a0\u00bb _builder_version=\u00a0\u00bb4.19.4&Prime; _module_preset=\u00a0\u00bbdefault\u00a0\u00bb global_colors_info=\u00a0\u00bb{}\u00a0\u00bb]<\/p>\n<p class=\"article__title  article__premium--icon\">Les facialists, nouvelles masseuses aux doigts d&rsquo;or<\/p>\n<p class=\"article__lead chapo title_gamma \">Esth\u00e9ticiennes de formation, elles se sont sp\u00e9cialis\u00e9es dans le soin du visage pour devenir<span>\u00a0<\/span><i>facialist<\/i>. Une profession o\u00f9 l&rsquo;art du toucher est au coeur de la pratique&#8230;<\/p>\n<p>[\/et_pb_blurb][et_pb_text _builder_version=\u00a0\u00bb4.19.4&Prime; _module_preset=\u00a0\u00bbdefault\u00a0\u00bb link_font=\u00a0\u00bb||||on|||#474747|\u00a0\u00bb link_text_color=\u00a0\u00bb#474747&Prime; global_colors_info=\u00a0\u00bb{}\u00a0\u00bb text_font=\u00a0\u00bb||on||||||\u00a0\u00bb header_4_font_size=\u00a0\u00bb22px\u00a0\u00bb header_4_text_color=\u00a0\u00bb#474747&Prime; hover_enabled=\u00a0\u00bb0&Prime; sticky_enabled=\u00a0\u00bb0&Prime;]<\/p>\n<h4><a href=\"https:\/\/www.lexpress.fr\/styles\/bien-etre\/soins\/facialist-qui-sont-ces-pros-du-soin-du-visage_2089105.html\" target=\"_blank\" rel=\"noopener\"><strong>Lire la suite &gt;<\/strong><\/a><\/h4>\n<p>[\/et_pb_text][\/et_pb_column][et_pb_column type=\u00a0\u00bb1_3&Prime; _builder_version=\u00a0\u00bb4.19.4&Prime; _module_preset=\u00a0\u00bbdefault\u00a0\u00bb global_colors_info=\u00a0\u00bb{}\u00a0\u00bb][et_pb_blurb title=\u00a0\u00bbMADAME LE FIGARO\u00a0\u00bb image=\u00a0\u00bbhttps:\/\/www.mariedepoulain.fr\/wp-content\/uploads\/2023\/01\/logo-figaro.png\u00a0\u00bb image_icon_width=\u00a0\u00bb50%\u00a0\u00bb _builder_version=\u00a0\u00bb4.19.4&Prime; _module_preset=\u00a0\u00bbdefault\u00a0\u00bb custom_margin=\u00a0\u00bb||66px|||\u00a0\u00bb hover_enabled=\u00a0\u00bb0&Prime; global_colors_info=\u00a0\u00bb{}\u00a0\u00bb sticky_enabled=\u00a0\u00bb0&Prime;]<\/p>\n<p class=\"h1 page-title\">Rendez-vous chez le \u00a0\u00bb facialiste \u00ab\u00a0. <span>Entre l\u2019esth\u00e9ticienne et le dermatologue, ces sp\u00e9cialistes du visage en vogue chez les Anglo-Saxons fontleur apparition en France. \u00c0 point nomm\u00e9 pour un bilan cutan\u00e9 de rentr\u00e9e.<\/span><\/p>\n<p>[\/et_pb_blurb][et_pb_text _builder_version=\u00a0\u00bb4.19.4&Prime; _module_preset=\u00a0\u00bbdefault\u00a0\u00bb link_font=\u00a0\u00bb||||on|||#474747|\u00a0\u00bb link_text_color=\u00a0\u00bb#474747&Prime; global_colors_info=\u00a0\u00bb{}\u00a0\u00bb text_font=\u00a0\u00bb||on||||||\u00a0\u00bb header_4_font_size=\u00a0\u00bb22px\u00a0\u00bb header_4_text_color=\u00a0\u00bb#474747&Prime; hover_enabled=\u00a0\u00bb0&Prime; sticky_enabled=\u00a0\u00bb0&Prime;]<\/p>\n<h4 style=\"text-align: left;\"><a href=\"https:\/\/madame.lefigaro.fr\/beaute\/rendez-vous-chez-le-facialiste-020919-166633\" target=\"_blank\" rel=\"noopener\"><strong>Lire la suite &gt;<\/strong><\/a><\/h4>\n<p>[\/et_pb_text][\/et_pb_column][\/et_pb_row][\/et_pb_section]<\/p>\n","protected":false},"excerpt":{"rendered":"<p>PRESSE\u00a0\u00bbFace fitness\u00a0\u00bb, la gym du visage pour garder une peau ferme. Votre visage compte 43 muscles, d&rsquo;aucuns disent plus de 50, voire 94. Toujours est-il qu&rsquo;ils sont capables de reproduire 10.000 expressions. Et 17 ne s&rsquo;occupent que du sourire\u00a0!Lire la suite &gt;La r\u00e9volution de l\u2019art du \u00ab bien vieillir \u00bb.\u00a0Fa-cia-lis-te : le n\u00e9ologisme n\u2019est pas [&hellip;]<\/p>\n","protected":false},"author":1,"featured_media":0,"parent":0,"menu_order":0,"comment_status":"closed","ping_status":"closed","template":"","meta":{"_et_pb_use_builder":"on","_et_pb_old_content":"<!-- wp:divi\/placeholder \/-->","_et_gb_content_width":"","_monsterinsights_skip_tracking":false,"_monsterinsights_sitenote_active":false,"_monsterinsights_sitenote_note":"","_monsterinsights_sitenote_category":0,"footnotes":""},"class_list":["post-67","page","type-page","status-publish","hentry"],"yoast_head":"<!-- This site is optimized with the Yoast SEO plugin v24.4 - https:\/\/yoast.com\/wordpress\/plugins\/seo\/ -->\n<title>Presse - MARIE DEPOULAIN<\/title>\n<meta name=\"robots\" content=\"index, follow, max-snippet:-1, max-image-preview:large, max-video-preview:-1\" \/>\n<link rel=\"canonical\" href=\"https:\/\/www.mariedepoulain.fr\/index.php\/presse\/\" \/>\n<meta property=\"og:locale\" content=\"fr_FR\" \/>\n<meta property=\"og:type\" content=\"article\" \/>\n<meta property=\"og:title\" content=\"Presse - MARIE DEPOULAIN\" \/>\n<meta property=\"og:description\" content=\"PRESSE&quot;Face fitness&quot;, la gym du visage pour garder une peau ferme. Votre visage compte 43 muscles, d&#039;aucuns disent plus de 50, voire 94. Toujours est-il qu&#039;ils sont capables de reproduire 10.000 expressions. Et 17 ne s&#039;occupent que du sourire\u00a0!Lire la suite &gt;La r\u00e9volution de l\u2019art du \u00ab bien vieillir \u00bb.\u00a0Fa-cia-lis-te : le n\u00e9ologisme n\u2019est pas [&hellip;]\" \/>\n<meta property=\"og:url\" content=\"https:\/\/www.mariedepoulain.fr\/index.php\/presse\/\" \/>\n<meta property=\"og:site_name\" content=\"MARIE DEPOULAIN\" \/>\n<meta property=\"article:modified_time\" content=\"2023-01-19T10:13:19+00:00\" \/>\n<meta name=\"twitter:card\" content=\"summary_large_image\" \/>\n<script type=\"application\/ld+json\" class=\"yoast-schema-graph\">{\"@context\":\"https:\/\/schema.org\",\"@graph\":[{\"@type\":\"WebPage\",\"@id\":\"https:\/\/www.mariedepoulain.fr\/index.php\/presse\/\",\"url\":\"https:\/\/www.mariedepoulain.fr\/index.php\/presse\/\",\"name\":\"Presse - MARIE DEPOULAIN\",\"isPartOf\":{\"@id\":\"https:\/\/www.mariedepoulain.fr\/#website\"},\"datePublished\":\"2022-11-22T14:09:47+00:00\",\"dateModified\":\"2023-01-19T10:13:19+00:00\",\"breadcrumb\":{\"@id\":\"https:\/\/www.mariedepoulain.fr\/index.php\/presse\/#breadcrumb\"},\"inLanguage\":\"fr-FR\",\"potentialAction\":[{\"@type\":\"ReadAction\",\"target\":[\"https:\/\/www.mariedepoulain.fr\/index.php\/presse\/\"]}]},{\"@type\":\"BreadcrumbList\",\"@id\":\"https:\/\/www.mariedepoulain.fr\/index.php\/presse\/#breadcrumb\",\"itemListElement\":[{\"@type\":\"ListItem\",\"position\":1,\"name\":\"Accueil\",\"item\":\"https:\/\/www.mariedepoulain.fr\/\"},{\"@type\":\"ListItem\",\"position\":2,\"name\":\"Presse\"}]},{\"@type\":\"WebSite\",\"@id\":\"https:\/\/www.mariedepoulain.fr\/#website\",\"url\":\"https:\/\/www.mariedepoulain.fr\/\",\"name\":\"MARIE DEPOULAIN\",\"description\":\"K\u00e9ratoth\u00e9rapeute &amp; Facialiste\",\"potentialAction\":[{\"@type\":\"SearchAction\",\"target\":{\"@type\":\"EntryPoint\",\"urlTemplate\":\"https:\/\/www.mariedepoulain.fr\/?s={search_term_string}\"},\"query-input\":{\"@type\":\"PropertyValueSpecification\",\"valueRequired\":true,\"valueName\":\"search_term_string\"}}],\"inLanguage\":\"fr-FR\"}]}<\/script>\n<!-- \/ Yoast SEO plugin. -->","yoast_head_json":{"title":"Presse - MARIE DEPOULAIN","robots":{"index":"index","follow":"follow","max-snippet":"max-snippet:-1","max-image-preview":"max-image-preview:large","max-video-preview":"max-video-preview:-1"},"canonical":"https:\/\/www.mariedepoulain.fr\/index.php\/presse\/","og_locale":"fr_FR","og_type":"article","og_title":"Presse - MARIE DEPOULAIN","og_description":"PRESSE\"Face fitness\", la gym du visage pour garder une peau ferme. Votre visage compte 43 muscles, d'aucuns disent plus de 50, voire 94. Toujours est-il qu'ils sont capables de reproduire 10.000 expressions. Et 17 ne s'occupent que du sourire\u00a0!Lire la suite &gt;La r\u00e9volution de l\u2019art du \u00ab bien vieillir \u00bb.\u00a0Fa-cia-lis-te : le n\u00e9ologisme n\u2019est pas [&hellip;]","og_url":"https:\/\/www.mariedepoulain.fr\/index.php\/presse\/","og_site_name":"MARIE DEPOULAIN","article_modified_time":"2023-01-19T10:13:19+00:00","twitter_card":"summary_large_image","schema":{"@context":"https:\/\/schema.org","@graph":[{"@type":"WebPage","@id":"https:\/\/www.mariedepoulain.fr\/index.php\/presse\/","url":"https:\/\/www.mariedepoulain.fr\/index.php\/presse\/","name":"Presse - MARIE DEPOULAIN","isPartOf":{"@id":"https:\/\/www.mariedepoulain.fr\/#website"},"datePublished":"2022-11-22T14:09:47+00:00","dateModified":"2023-01-19T10:13:19+00:00","breadcrumb":{"@id":"https:\/\/www.mariedepoulain.fr\/index.php\/presse\/#breadcrumb"},"inLanguage":"fr-FR","potentialAction":[{"@type":"ReadAction","target":["https:\/\/www.mariedepoulain.fr\/index.php\/presse\/"]}]},{"@type":"BreadcrumbList","@id":"https:\/\/www.mariedepoulain.fr\/index.php\/presse\/#breadcrumb","itemListElement":[{"@type":"ListItem","position":1,"name":"Accueil","item":"https:\/\/www.mariedepoulain.fr\/"},{"@type":"ListItem","position":2,"name":"Presse"}]},{"@type":"WebSite","@id":"https:\/\/www.mariedepoulain.fr\/#website","url":"https:\/\/www.mariedepoulain.fr\/","name":"MARIE DEPOULAIN","description":"K\u00e9ratoth\u00e9rapeute &amp; Facialiste","potentialAction":[{"@type":"SearchAction","target":{"@type":"EntryPoint","urlTemplate":"https:\/\/www.mariedepoulain.fr\/?s={search_term_string}"},"query-input":{"@type":"PropertyValueSpecification","valueRequired":true,"valueName":"search_term_string"}}],"inLanguage":"fr-FR"}]}},"_links":{"self":[{"href":"https:\/\/www.mariedepoulain.fr\/index.php\/wp-json\/wp\/v2\/pages\/67","targetHints":{"allow":["GET"]}}],"collection":[{"href":"https:\/\/www.mariedepoulain.fr\/index.php\/wp-json\/wp\/v2\/pages"}],"about":[{"href":"https:\/\/www.mariedepoulain.fr\/index.php\/wp-json\/wp\/v2\/types\/page"}],"author":[{"embeddable":true,"href":"https:\/\/www.mariedepoulain.fr\/index.php\/wp-json\/wp\/v2\/users\/1"}],"replies":[{"embeddable":true,"href":"https:\/\/www.mariedepoulain.fr\/index.php\/wp-json\/wp\/v2\/comments?post=67"}],"version-history":[{"count":10,"href":"https:\/\/www.mariedepoulain.fr\/index.php\/wp-json\/wp\/v2\/pages\/67\/revisions"}],"predecessor-version":[{"id":189,"href":"https:\/\/www.mariedepoulain.fr\/index.php\/wp-json\/wp\/v2\/pages\/67\/revisions\/189"}],"wp:attachment":[{"href":"https:\/\/www.mariedepoulain.fr\/index.php\/wp-json\/wp\/v2\/media?parent=67"}],"curies":[{"name":"wp","href":"https:\/\/api.w.org\/{rel}","templated":true}]}}